{"id":10,"date":"2022-12-12T18:53:18","date_gmt":"2022-12-12T18:53:18","guid":{"rendered":"https:\/\/www.rachotbanda.com\/?page_id=10"},"modified":"2024-11-14T13:45:30","modified_gmt":"2024-11-14T13:45:30","slug":"banda","status":"publish","type":"page","link":"https:\/\/www.rachotbanda.com\/?page_id=10","title":{"rendered":"Banda"},"content":{"rendered":"<table style=\"border-collapse: collapse; width: 96.3645%; height: 846px;\">\n<tbody>\n<tr style=\"height: 162px;\">\n<td style=\"width: 35.8904%; height: 162px;\"><img loading=\"lazy\" decoding=\"async\" class=\"wp-image-173 size-medium aligncenter\" src=\"https:\/\/www.rachotbanda.com\/wp-content\/uploads\/2022\/12\/yankee23-300x300.jpg\" alt=\"\" width=\"300\" height=\"300\" srcset=\"https:\/\/www.rachotbanda.com\/wp-content\/uploads\/2022\/12\/yankee23-300x300.jpg 300w, https:\/\/www.rachotbanda.com\/wp-content\/uploads\/2022\/12\/yankee23-150x150.jpg 150w, https:\/\/www.rachotbanda.com\/wp-content\/uploads\/2022\/12\/yankee23.jpg 500w\" sizes=\"auto, (max-width: 300px) 100vw, 300px\" \/><\/td>\n<td style=\"width: 37.371%; height: 162px;\">\n<p class=\"style2\" style=\"text-align: left; padding-left: 40px;\"><span style=\"font-family: trebuchet ms, geneva, sans-serif; font-size: 12pt;\"><b>P<\/b><strong>avel Mat\u011bjka &#8211; Yankee<\/strong><\/span><\/p>\n<p class=\"style2\" style=\"text-align: left; padding-left: 40px;\"><span style=\"font-family: trebuchet ms, geneva, sans-serif; font-size: 10pt;\">zp\u011bv, bezpra\u017ecov\u00e1 a pra\u017ecov\u00e1 basa, <\/span><span style=\"font-family: trebuchet ms, geneva, sans-serif; font-size: 10pt;\">ob\u010das kytara,<br \/>\nst\u00e1le se u\u010d\u00ed zvu\u010dit, p\u00e1\u010d <\/span><span style=\"font-family: trebuchet ms, geneva, sans-serif; font-size: 10pt;\">je to proces nekone\u010dn\u00fd.<br \/>\n<\/span><span style=\"font-family: trebuchet ms, geneva, sans-serif; font-size: 10pt;\">M\u00e1 dv\u011b dcery, syna a kontrabas.<br \/>\n<\/span><span style=\"font-family: trebuchet ms, geneva, sans-serif; font-size: 10pt;\">Lomnice n\/Pop.<\/span><\/p>\n<\/td>\n<td style=\"width: 23.0763%; height: 162px;\"><img loading=\"lazy\" decoding=\"async\" class=\"wp-image-37 alignright\" src=\"https:\/\/www.rachotbanda.com\/wp-content\/uploads\/2022\/12\/karYankee.jpg\" alt=\"\" width=\"154\" height=\"203\" \/><\/td>\n<\/tr>\n<tr style=\"height: 264px;\">\n<td style=\"width: 35.8904%; height: 82px;\"><img loading=\"lazy\" decoding=\"async\" class=\"size-full wp-image-42 aligncenter\" src=\"https:\/\/www.rachotbanda.com\/wp-content\/uploads\/2022\/12\/martin12.jpg\" alt=\"\" width=\"300\" height=\"258\" \/><\/td>\n<td style=\"width: 37.371%; height: 82px;\">\n<p class=\"style2\" style=\"padding-left: 40px;\"><span style=\"font-family: trebuchet ms, geneva, sans-serif;\"><b>Martin Holan &#8211; Mrca<\/b><\/span><\/p>\n<p class=\"style2\" style=\"padding-left: 40px;\"><span style=\"font-size: 10pt;\"><span style=\"font-family: trebuchet ms, geneva, sans-serif;\">zp\u011bv, 12ti strunn\u00e1 kytara, fouka\u010dky, <\/span><span style=\"font-family: trebuchet ms, geneva, sans-serif;\">trha\u010d strun,<br \/>\ntat\u00ednek dvou dcer a <\/span><span style=\"font-family: trebuchet ms, geneva, sans-serif;\">tak\u00e9 po\u0159adatel nejr\u016fzn\u011bj\u0161\u00ed muziky.<br \/>\n<\/span><span style=\"font-family: trebuchet ms, geneva, sans-serif;\">Nyn\u00ed Ma\u0161ov, d\u0159\u00edve Lomnice n\/Pop.<\/span><\/span><\/p>\n<\/td>\n<td style=\"width: 23.0763%; height: 82px;\"><img loading=\"lazy\" decoding=\"async\" class=\"wp-image-33 alignright\" src=\"https:\/\/www.rachotbanda.com\/wp-content\/uploads\/2022\/12\/karMrca.jpg\" alt=\"\" width=\"139\" height=\"193\" \/><\/td>\n<\/tr>\n<tr style=\"height: 264px;\">\n<td style=\"width: 35.8904%; height: 134px;\"><img loading=\"lazy\" decoding=\"async\" class=\"size-medium wp-image-45 aligncenter\" src=\"https:\/\/www.rachotbanda.com\/wp-content\/uploads\/2022\/12\/petr12.jpg\" alt=\"\" width=\"300\" height=\"258\" \/><\/td>\n<td style=\"width: 37.371%; height: 134px;\">\n<p class=\"style2\" style=\"padding-left: 40px;\"><span style=\"font-family: trebuchet ms, geneva, sans-serif;\"><b>Petr Holan &#8211; Cukr\u00edk<\/b><\/span><\/p>\n<p class=\"style2\" style=\"padding-left: 40px;\"><span style=\"font-size: 10pt;\"><span style=\"font-family: trebuchet ms, geneva, sans-serif;\">zp\u011bv, kytara, \u0159ev, ob\u010das i do vypnut\u00e9ho <\/span><span style=\"font-family: trebuchet ms, geneva, sans-serif;\">mikrofonu.<br \/>\nNejv\u011bt\u0161\u00ed fanou\u0161ek Bo\u017ekova v kapele.<br \/>\nM\u00e1 dv\u011b dcery a synka.<br \/>\n<\/span><span style=\"font-family: trebuchet ms, geneva, sans-serif;\">Lomnice n\/Pop.<\/span><\/span><\/p>\n<\/td>\n<td style=\"width: 23.0763%; height: 134px;\"><img loading=\"lazy\" decoding=\"async\" class=\"wp-image-35 alignright\" src=\"https:\/\/www.rachotbanda.com\/wp-content\/uploads\/2022\/12\/karPetr.jpg\" alt=\"\" width=\"137\" height=\"203\" \/><\/td>\n<\/tr>\n<tr style=\"height: 264px;\">\n<td style=\"width: 35.8904%; height: 162px;\"><img loading=\"lazy\" decoding=\"async\" class=\"wp-image-170 size-medium aligncenter\" src=\"https:\/\/www.rachotbanda.com\/wp-content\/uploads\/2022\/12\/zdeny23-300x300.jpg\" alt=\"\" width=\"300\" height=\"300\" srcset=\"https:\/\/www.rachotbanda.com\/wp-content\/uploads\/2022\/12\/zdeny23-300x300.jpg 300w, https:\/\/www.rachotbanda.com\/wp-content\/uploads\/2022\/12\/zdeny23-150x150.jpg 150w, https:\/\/www.rachotbanda.com\/wp-content\/uploads\/2022\/12\/zdeny23.jpg 500w\" sizes=\"auto, (max-width: 300px) 100vw, 300px\" \/><\/td>\n<td style=\"width: 37.371%; height: 162px;\">\n<p class=\"style2\" style=\"padding-left: 40px;\"><span style=\"font-family: trebuchet ms, geneva, sans-serif;\"><b>Zden\u011bk Vohnout &#8211; Zdeny <\/b><\/span><\/p>\n<p class=\"style2\" style=\"padding-left: 40px;\"><span style=\"font-family: trebuchet ms, geneva, sans-serif; font-size: 10pt;\">zp\u011bv, bluegrassov\u00e9 banjo, hraje s n\u00e1mi, <\/span><span style=\"font-size: 10pt;\"><span style=\"font-family: trebuchet ms, geneva, sans-serif;\">i kdy\u017e ho \u0161tvou<br \/>\nna\u0161e mollov\u00e9 akordy, <\/span><span style=\"font-family: trebuchet ms, geneva, sans-serif;\">a my ho s nimi r\u00e1di zlob\u00edme.<br \/>\n<\/span><span style=\"font-family: trebuchet ms, geneva, sans-serif;\">Ale bez jeho banja u\u017e to nen\u00ed ono.<br \/>\n<\/span><span style=\"font-family: trebuchet ms, geneva, sans-serif;\">Zat\u00edm nem\u00e1 \u017e\u00e1dn\u00e9 d\u011bti&#8230;<br \/>\n<\/span><span style=\"font-family: trebuchet ms, geneva, sans-serif;\">Dnes u\u017e b\u00fdval\u00fd kav\u00e1rn\u00edk Don Cortez.<br \/>\nJi\u010d\u00edn.<br \/>\n<\/span><\/span><\/p>\n<\/td>\n<td style=\"width: 23.0763%; height: 162px;\"><img loading=\"lazy\" decoding=\"async\" class=\"wp-image-38 alignright\" src=\"https:\/\/www.rachotbanda.com\/wp-content\/uploads\/2022\/12\/karZdeny.jpg\" alt=\"\" width=\"135\" height=\"205\" \/><\/td>\n<\/tr>\n<tr style=\"height: 264px;\">\n<td style=\"width: 35.8904%; height: 193px;\"><img loading=\"lazy\" decoding=\"async\" class=\"wp-image-177 size-medium aligncenter\" src=\"https:\/\/www.rachotbanda.com\/wp-content\/uploads\/2022\/12\/mira23-300x300.jpg\" alt=\"\" width=\"300\" height=\"300\" srcset=\"https:\/\/www.rachotbanda.com\/wp-content\/uploads\/2022\/12\/mira23-300x300.jpg 300w, https:\/\/www.rachotbanda.com\/wp-content\/uploads\/2022\/12\/mira23-150x150.jpg 150w, https:\/\/www.rachotbanda.com\/wp-content\/uploads\/2022\/12\/mira23.jpg 500w\" sizes=\"auto, (max-width: 300px) 100vw, 300px\" \/><\/td>\n<td style=\"width: 37.371%; height: 193px;\">\n<p class=\"style2\" style=\"padding-left: 40px;\"><span style=\"font-family: trebuchet ms, geneva, sans-serif;\"><b>M\u00edra Fi\u0161era &#8211; Figo<\/b><\/span><\/p>\n<p class=\"style2\" style=\"padding-left: 40px;\"><span style=\"font-size: 10pt;\"><span style=\"font-family: trebuchet ms, geneva, sans-serif;\">zp\u011bv, elektrick\u00e1 kytara, <\/span><span style=\"font-family: trebuchet ms, geneva, sans-serif;\">ob\u010das chod\u00ed pozd\u011b,<b> nem\u00e1 dceru, ale syny&#8230;<br \/>\n<\/b><\/span><\/span><span style=\"font-size: 10pt;\"><span style=\"font-family: trebuchet ms, geneva, sans-serif;\">K \u017eivotn\u00edmu jubileu mu byl ud\u011blen <\/span><span style=\"font-family: trebuchet ms, geneva, sans-serif;\">vyj\u00edmkou ze stanov kapely status st\u00e1l\u00e9ho <\/span><span style=\"font-family: trebuchet ms, geneva, sans-serif;\">\u010dlena (a p\u0159ehl\u00e9dnuto, \u017ee nem\u00e1 dceru) =&gt; on m\u00e1 toti\u017e sp\u00f3\u00f3\u00f3ustu vnou\u010dat!<br \/>\nJe majitel kapeln\u00edho statusu D.<br \/>\nNov\u00e1 Paka.<br \/>\n<\/span><\/span><\/p>\n<\/td>\n<td style=\"width: 23.0763%; height: 193px;\"><img loading=\"lazy\" decoding=\"async\" class=\"wp-image-32 alignright\" src=\"https:\/\/www.rachotbanda.com\/wp-content\/uploads\/2022\/12\/karMira.jpg\" alt=\"\" width=\"140\" height=\"212\" \/><\/td>\n<\/tr>\n<tr style=\"height: 264px;\">\n<td style=\"width: 35.8904%; height: 103px;\"><img loading=\"lazy\" decoding=\"async\" class=\"wp-image-175 size-medium aligncenter\" src=\"https:\/\/www.rachotbanda.com\/wp-content\/uploads\/2022\/12\/pista23-300x300.jpg\" alt=\"\" width=\"300\" height=\"300\" srcset=\"https:\/\/www.rachotbanda.com\/wp-content\/uploads\/2022\/12\/pista23-300x300.jpg 300w, https:\/\/www.rachotbanda.com\/wp-content\/uploads\/2022\/12\/pista23-150x150.jpg 150w, https:\/\/www.rachotbanda.com\/wp-content\/uploads\/2022\/12\/pista23.jpg 500w\" sizes=\"auto, (max-width: 300px) 100vw, 300px\" \/><\/td>\n<td style=\"width: 37.371%; height: 103px;\">\n<p class=\"style2\" style=\"padding-left: 40px;\"><span style=\"font-family: trebuchet ms, geneva, sans-serif;\"><b>\u0160tefan Karlub\u00edk &#8211; Pi\u0161ta<\/b><\/span><\/p>\n<p class=\"style2\" style=\"padding-left: 40px;\"><span style=\"font-size: 10pt;\"><span style=\"font-family: trebuchet ms, geneva, sans-serif;\">bub\u00ednek, rytmika, vyj\u00edme\u010dn\u011b zp\u011bv, <\/span><span style=\"font-family: trebuchet ms, geneva, sans-serif;\">ob\u010das kapeln\u00ed bru\u010doun, m\u00e1 dceru.<br \/>\nJe majitel kapeln\u00edho statusu D.<br \/>\n<\/span><span style=\"font-family: trebuchet ms, geneva, sans-serif;\">Ji\u010d\u00edn, d\u0159\u00edve Lomnice n\/Pop.<\/span><\/span><\/p>\n<\/td>\n<td style=\"width: 23.0763%; height: 103px;\"><img loading=\"lazy\" decoding=\"async\" class=\"wp-image-36 alignright\" src=\"https:\/\/www.rachotbanda.com\/wp-content\/uploads\/2022\/12\/karPista.jpg\" alt=\"\" width=\"144\" height=\"201\" \/><\/td>\n<\/tr>\n<tr style=\"height: 269px;\">\n<td style=\"width: 35.8904%; height: 10px;\"><img loading=\"lazy\" decoding=\"async\" class=\"size-medium wp-image-43 aligncenter\" src=\"https:\/\/www.rachotbanda.com\/wp-content\/uploads\/2022\/12\/panther.jpg\" alt=\"\" width=\"300\" height=\"258\" \/><\/td>\n<td class=\"style1\" style=\"width: 37.371%; height: 10px;\">\n<p class=\"style2\" style=\"padding-left: 40px;\"><span style=\"font-family: trebuchet ms, geneva, sans-serif;\"><b>L\u00e1\u010fa Crha &#8211; Panther <\/b><\/span><\/p>\n<p class=\"style2\" style=\"padding-left: 40px;\"><span style=\"font-size: 10pt;\"><span style=\"font-family: trebuchet ms, geneva, sans-serif;\">zp\u011bv, kytara, obl\u00edben\u00fd ob\u010dasn\u00fd host Bandy. <\/span><span style=\"font-family: trebuchet ms, geneva, sans-serif;\">Zast\u00e1v\u00e1 funkci st\u0159\u00edda\u010de, kdy\u017e se neda\u0159\u00ed se s<\/span><span style=\"font-family: trebuchet ms, geneva, sans-serif;\">ej\u00edt v obvykl\u00e9 sestav\u011b. Pokud m\u00e1 \u010das, r\u00e1d <\/span><span style=\"font-family: trebuchet ms, geneva, sans-serif;\">sedne za volant,<br \/>\np\u0159ijede, odehraje a zase odjede. <\/span><\/span><span style=\"font-size: 10pt;\"><span style=\"font-family: trebuchet ms, geneva, sans-serif;\">M\u00e1 t\u0159i kluky.<br \/>\n<\/span><\/span><span style=\"font-size: 10pt;\"><span style=\"font-family: trebuchet ms, geneva, sans-serif;\">Nyn\u00ed od Prahy, d\u0159\u00edve Lomnice n\/Pop.\u00a0<\/span><\/span><\/p>\n<\/td>\n<td class=\"style1\" style=\"width: 23.0763%; height: 10px;\">\n<p class=\"style2\"><img loading=\"lazy\" decoding=\"async\" class=\"wp-image-34 alignright\" src=\"https:\/\/www.rachotbanda.com\/wp-content\/uploads\/2022\/12\/karPanther.jpg\" alt=\"\" width=\"118\" height=\"182\" \/><\/p>\n<\/td>\n<\/tr>\n<\/tbody>\n<\/table>\n","protected":false},"excerpt":{"rendered":"<p>Pavel Mat\u011bjka &#8211; Yankee zp\u011bv, bezpra\u017ecov\u00e1 a pra\u017ecov\u00e1 basa, ob\u010das kytara, st\u00e1le se u\u010d\u00ed zvu\u010dit, p\u00e1\u010d je to proces nekone\u010dn\u00fd. M\u00e1 dv\u011b dcery, syna a kontrabas. Lomnice n\/Pop. Martin Holan &#8211; Mrca zp\u011bv, 12ti strunn\u00e1 kytara, fouka\u010dky, trha\u010d strun, tat\u00ednek dvou dcer a tak\u00e9 po\u0159adatel nejr\u016fzn\u011bj\u0161\u00ed muziky. Nyn\u00ed Ma\u0161ov, d\u0159\u00edve Lomnice n\/Pop. Petr Holan &#8211; &hellip; <\/p>\n<p class=\"link-more\"><a href=\"https:\/\/www.rachotbanda.com\/?page_id=10\" class=\"more-link\">Read more<span class=\"screen-reader-text\"> &#8222;Banda&#8220;<\/span><\/a><\/p>\n","protected":false},"author":1,"featured_media":0,"parent":0,"menu_order":0,"comment_status":"closed","ping_status":"closed","template":"","meta":{"footnotes":""},"class_list":["post-10","page","type-page","status-publish","hentry"],"_links":{"self":[{"href":"https:\/\/www.rachotbanda.com\/index.php?rest_route=\/wp\/v2\/pages\/10","targetHints":{"allow":["GET"]}}],"collection":[{"href":"https:\/\/www.rachotbanda.com\/index.php?rest_route=\/wp\/v2\/pages"}],"about":[{"href":"https:\/\/www.rachotbanda.com\/index.php?rest_route=\/wp\/v2\/types\/page"}],"author":[{"embeddable":true,"href":"https:\/\/www.rachotbanda.com\/index.php?rest_route=\/wp\/v2\/users\/1"}],"replies":[{"embeddable":true,"href":"https:\/\/www.rachotbanda.com\/index.php?rest_route=%2Fwp%2Fv2%2Fcomments&post=10"}],"version-history":[{"count":36,"href":"https:\/\/www.rachotbanda.com\/index.php?rest_route=\/wp\/v2\/pages\/10\/revisions"}],"predecessor-version":[{"id":337,"href":"https:\/\/www.rachotbanda.com\/index.php?rest_route=\/wp\/v2\/pages\/10\/revisions\/337"}],"wp:attachment":[{"href":"https:\/\/www.rachotbanda.com\/index.php?rest_route=%2Fwp%2Fv2%2Fmedia&parent=10"}],"curies":[{"name":"wp","href":"https:\/\/api.w.org\/{rel}","templated":true}]}}